{"id":323,"date":"2019-08-21T16:25:50","date_gmt":"2019-08-21T14:25:50","guid":{"rendered":"http:\/\/paroisse-nogent-le-roi.com\/?page_id=323"},"modified":"2025-09-24T20:32:45","modified_gmt":"2025-09-24T18:32:45","slug":"catechisme","status":"publish","type":"page","link":"https:\/\/paroisse-nogent-le-roi.com\/index.php\/catechisme\/","title":{"rendered":"Cat\u00e9chisme rentr\u00e9e septembre 2025"},"content":{"rendered":"<div class=\"wp-block-image\">\n<figure class=\"aligncenter size-large is-resized\"><img loading=\"lazy\" decoding=\"async\" width=\"724\" height=\"1024\" src=\"https:\/\/paroisse-nogent-le-roi.com\/wp-content\/uploads\/2025\/09\/Cate-1-724x1024.png\" alt=\"\" class=\"wp-image-5013\" style=\"width:362px;height:512px\" srcset=\"https:\/\/paroisse-nogent-le-roi.com\/wp-content\/uploads\/2025\/09\/Cate-1-724x1024.png 724w, https:\/\/paroisse-nogent-le-roi.com\/wp-content\/uploads\/2025\/09\/Cate-1-212x300.png 212w, https:\/\/paroisse-nogent-le-roi.com\/wp-content\/uploads\/2025\/09\/Cate-1-768x1086.png 768w, https:\/\/paroisse-nogent-le-roi.com\/wp-content\/uploads\/2025\/09\/Cate-1-1086x1536.png 1086w, https:\/\/paroisse-nogent-le-roi.com\/wp-content\/uploads\/2025\/09\/Cate-1.png 1414w\" sizes=\"auto, (max-width: 724px) 100vw, 724px\" \/><\/figure>\n<\/div>\n\n\n<p id=\"block-baf83b84-f4d0-4e89-9e0e-9bfcef59d4e8\"><strong>1 \u2013 Le sens du cat\u00e9chisme&nbsp;:<\/strong><\/p>\n\n\n\n<p>&nbsp;&nbsp;&nbsp;&nbsp;&nbsp;&nbsp;&nbsp;&nbsp;&nbsp; Pour que la formation chr\u00e9tienne des enfants soit r\u00e9ussie dans la fid\u00e9lit\u00e9 \u00e0 l\u2019Evangile et \u00e0 l\u2019Eglise, voici quelques orientations fondamentales qui nous guident durant les ann\u00e9es de cat\u00e9ch\u00e8se. Le cat\u00e9chisme veut&nbsp;:<\/p>\n\n\n\n<ul class=\"wp-block-list\">\n<li>aider les enfants \u00e0 <strong>d\u00e9couvrir Dieu en la personne de J\u00e9sus-Christ<\/strong> et \u00e0 exprimer leur foi, leur confiance en Lui.<\/li>\n\n\n\n<li>aider les enfants \u00e0 <strong>participer \u00e0 la vie de l\u2019Eglise<\/strong> et aux sacrements&nbsp;: eucharistie (messe dominicale&nbsp; notamment), confession, bapt\u00eame pour certains.<\/li>\n\n\n\n<li>aider les enfants \u00e0 <strong>convertir leur c\u0153ur pour vivre en chr\u00e9tiens&nbsp;<\/strong>: la pri\u00e8re et l\u2019amour de son prochain, en famille, \u00e0 l\u2019\u00e9cole\u2026<\/li>\n<\/ul>\n\n\n\n<p>En g\u00e9n\u00e9ral, votre enfant commence le cat\u00e9chisme en CE2. <strong>Apr\u00e8s deux ann\u00e9es compl\u00e8tes, <\/strong>il sera invit\u00e9 \u00e0 faire sa premi\u00e8re Communion, dans la mesure o\u00f9 l\u2019enfant est consid\u00e9r\u00e9 pr\u00eat pour cela. Ensuite, c\u2019est <strong>lorsqu\u2019il arrivera en 6<sup>\u00e8me<\/sup><\/strong> que la Profession de Foi et le sacrement de la Confirmation seront propos\u00e9s \u00e0 votre enfant.<\/p>\n\n\n\n<p><strong>2 \u2013 Les cr\u00e9neaux de cat\u00e9chisme pour l\u2019ann\u00e9e 2025-2026<\/strong><\/p>\n\n\n\n<p>Pour les CE2, CM1 et CM2, toutes les semaines du temps scolaire&nbsp;:<\/p>\n\n\n\n<ul class=\"wp-block-list\">\n<li>Mercredi de 10h30 \u00e0 12h00 \u00e0 Nogent-le-Roi, salle M\u00e8re Teresa<\/li>\n\n\n\n<li>Mardi fin d\u2019apr\u00e8s-midi de 17h15 \u00e0 18h30 \u00e0 Boutigny<\/li>\n<\/ul>\n\n\n\n<p class=\"has-luminous-vivid-amber-background-color has-background\"><strong><em>POUR LES 6\u00e8 : ils rejoignent d\u00e9sormais l&#8217;aum\u00f4nerie des coll\u00e9giens. Renseignements et inscription : <a href=\"https:\/\/w.enoria.link\/inscription-aumonerie-collegiens-2025-2026\" target=\"_blank\" rel=\"noreferrer noopener\">ICI<\/a><\/em><\/strong><\/p>\n\n\n\n<p><strong>3 \u2013 Inscription au cat\u00e9chisme&nbsp;:<\/strong><\/p>\n\n\n\n<p class=\"has-text-align-center has-light-green-cyan-background-color has-background has-medium-font-size\"><strong>Pour inscrire votre enfant, il vous suffit de remplir <a href=\"https:\/\/w.enoria.link\/inscription-catechisme-ste-jeanne-2025-26\" target=\"_blank\" rel=\"noreferrer noopener\">ce formulaire<\/a>.<\/strong><\/p>\n\n\n\n<p><strong>Attention<\/strong> : quelques documents sont encore indispensables. Vous pouvez les rapporter \u00e0 l\u2019occasion du forum des Associations de Nogent-le-Roi le samedi 6 septembre 2025, ou \u00e0 l\u2019occasion de la r\u00e9union de parents du 9 septembre 2025, 20h30 \u00e0 Nogent-le-Roi, salle M\u00e8re Teresa, ou encore les d\u00e9poser dans la bo\u00eete aux lettres du presbyt\u00e8re :<\/p>\n\n\n\n<p>&#8211;&nbsp;&nbsp;la fiche d&#8217;autorisations sign\u00e9e&nbsp;<\/p>\n\n\n\n<p>&#8211;&nbsp;&nbsp;le certificat de bapt\u00eame de votre enfant si le bapt\u00eame a \u00e9t\u00e9 c\u00e9l\u00e9br\u00e9 en dehors de la paroisse (\u00e0 demander \u00e0 la paroisse du lieu de bapt\u00eame)<\/p>\n\n\n\n<p>&#8211;&nbsp;&nbsp;votre r\u00e8glement par ch\u00e8que (\u00e0 l\u2019ordre de \u00ab paroisse Ste Jeanne) ou esp\u00e8ce. <\/p>\n\n\n\n<p>&#8211;&nbsp;&nbsp;votre don \u00e9ventuel au dioc\u00e8se \u00e0 l&#8217;ordre &#8220;Association dioc\u00e9saine de Chartres&#8221;.&nbsp; A r\u00e9gler s\u00e9par\u00e9ment du r\u00e8glement de l&#8217;inscription.<\/p>\n\n\n\n<p><strong>4 \u2013 Le cat\u00e9chisme reprendra&nbsp;:<\/strong><\/p>\n\n\n\n<p>&nbsp;&nbsp;&nbsp;&nbsp;&nbsp;&nbsp;&nbsp;&nbsp;&nbsp; Pour les enfants scolaris\u00e9s en CE2, CM1 et CM2 :<\/p>\n\n\n\n<ul class=\"wp-block-list\">\n<li>mercredi 10 septembre \u00e0 Nogent-le-Roi <\/li>\n\n\n\n<li>mardi 16 septembre \u00e0 Boutigny<\/li>\n<\/ul>\n\n\n\n<p><strong>5 \u2013 R\u00e9union de parents<\/strong><\/p>\n\n\n\n<figure class=\"wp-block-table\"><table><tbody><tr><td><strong>Le mardi 9 septembre 2025 \u00e0 20h30<\/strong> \u00e0 Nogent-le-Roi, salle M\u00e8re Teresa. &nbsp;&nbsp;&nbsp;&nbsp;&nbsp;&nbsp;&nbsp;&nbsp;&nbsp;&nbsp;&nbsp;&nbsp;&nbsp;&nbsp;&nbsp;&nbsp;&nbsp;&nbsp;&nbsp;&nbsp;&nbsp;&nbsp;&nbsp;&nbsp;&nbsp;&nbsp;<\/td><\/tr><\/tbody><\/table><\/figure>\n\n\n\n<div style=\"height:24px\" aria-hidden=\"true\" class=\"wp-block-spacer\"><\/div>\n\n\n\n<p><strong>6 \u2013 Premi\u00e8re Communion <\/strong>(pour les enfants qui ont d\u00e9j\u00e0 fait 2 ann\u00e9es de cat\u00e9chisme)<\/p>\n\n\n\n<p><strong>La retraite<\/strong> (obligatoire) se d\u00e9roulera le week-end du <strong>27 et 28 septembre 202<\/strong>5 \u00e0 Montligeon.<\/p>\n\n\n\n<p>&nbsp;&nbsp;&nbsp;&nbsp;&nbsp;&nbsp;&nbsp;&nbsp;&nbsp; <strong>La c\u00e9l\u00e9bration<\/strong> aura lieu <strong>le dimanche 5 octobre<\/strong> <strong>202<\/strong>5 \u00e0 11h00 \u00e0 Nogent-le-Roi.<\/p>\n\n\n\n<div style=\"height:78px\" aria-hidden=\"true\" class=\"wp-block-spacer\"><\/div>\n\n\n\n<p>Soyez assur\u00e9s, chers parents, du d\u00e9vouement et de la pri\u00e8re des pr\u00eatres et des cat\u00e9chistes de la paroisse.<\/p>\n\n\n\n<p>&nbsp;&nbsp;&nbsp;&nbsp;&nbsp;&nbsp;&nbsp;&nbsp;&nbsp;&nbsp;&nbsp;&nbsp;&nbsp;&nbsp;&nbsp;&nbsp;&nbsp;&nbsp;&nbsp;&nbsp;&nbsp;&nbsp;&nbsp;&nbsp;&nbsp;&nbsp;&nbsp;&nbsp;&nbsp;&nbsp;&nbsp;&nbsp;&nbsp;&nbsp;&nbsp;&nbsp;&nbsp;&nbsp;&nbsp;&nbsp;&nbsp;&nbsp;&nbsp;&nbsp;&nbsp;&nbsp;&nbsp;&nbsp;&nbsp;&nbsp;&nbsp;&nbsp;&nbsp;&nbsp;&nbsp;&nbsp;&nbsp;&nbsp;&nbsp;&nbsp;&nbsp;&nbsp;&nbsp;&nbsp;&nbsp;&nbsp;&nbsp;&nbsp; Don Louis-Marie, <strong>\u2020 <\/strong>cur\u00e9<\/p>\n","protected":false},"excerpt":{"rendered":"<p>1 \u2013 Le sens du cat\u00e9chisme&nbsp;: &nbsp;&nbsp;&nbsp;&nbsp;&nbsp;&nbsp;&nbsp;&nbsp;&nbsp; Pour que la formation chr\u00e9tienne des enfants soit r\u00e9ussie dans la fid\u00e9lit\u00e9 \u00e0 l\u2019Evangile et \u00e0 l\u2019Eglise, voici quelques orientations fondamentales qui nous guident durant les ann\u00e9es de cat\u00e9ch\u00e8se. Le cat\u00e9chisme veut&nbsp;: En g\u00e9n\u00e9ral, votre enfant commence le cat\u00e9chisme en CE2. Apr\u00e8s deux ann\u00e9es compl\u00e8tes, il sera invit\u00e9&hellip;<\/p>\n","protected":false},"author":6,"featured_media":0,"parent":0,"menu_order":0,"comment_status":"closed","ping_status":"closed","template":"","meta":{"_monsterinsights_skip_tracking":false,"_monsterinsights_sitenote_active":false,"_monsterinsights_sitenote_note":"","_monsterinsights_sitenote_category":0,"footnotes":""},"class_list":["post-323","page","type-page","status-publish","hentry"],"yoast_head":"<!-- This site is optimized with the Yoast SEO plugin v27.4 - https:\/\/yoast.com\/product\/yoast-seo-wordpress\/ -->\n<title>Cat\u00e9chisme rentr\u00e9e septembre 2025 - Nogent-le-Roi<\/title>\n<meta name=\"robots\" content=\"index, follow, max-snippet:-1, max-image-preview:large, max-video-preview:-1\" \/>\n<link rel=\"canonical\" href=\"https:\/\/paroisse-nogent-le-roi.com\/index.php\/catechisme\/\" \/>\n<meta property=\"og:locale\" content=\"fr_FR\" \/>\n<meta property=\"og:type\" content=\"article\" \/>\n<meta property=\"og:title\" content=\"Cat\u00e9chisme rentr\u00e9e septembre 2025 - Nogent-le-Roi\" \/>\n<meta property=\"og:description\" content=\"1 \u2013 Le sens du cat\u00e9chisme&nbsp;: &nbsp;&nbsp;&nbsp;&nbsp;&nbsp;&nbsp;&nbsp;&nbsp;&nbsp; Pour que la formation chr\u00e9tienne des enfants soit r\u00e9ussie dans la fid\u00e9lit\u00e9 \u00e0 l\u2019Evangile et \u00e0 l\u2019Eglise, voici quelques orientations fondamentales qui nous guident durant les ann\u00e9es de cat\u00e9ch\u00e8se. Le cat\u00e9chisme veut&nbsp;: En g\u00e9n\u00e9ral, votre enfant commence le cat\u00e9chisme en CE2. Apr\u00e8s deux ann\u00e9es compl\u00e8tes, il sera invit\u00e9&hellip;\" \/>\n<meta property=\"og:url\" content=\"https:\/\/paroisse-nogent-le-roi.com\/index.php\/catechisme\/\" \/>\n<meta property=\"og:site_name\" content=\"Nogent-le-Roi\" \/>\n<meta property=\"article:modified_time\" content=\"2025-09-24T18:32:45+00:00\" \/>\n<meta property=\"og:image\" content=\"https:\/\/paroisse-nogent-le-roi.com\/wp-content\/uploads\/2025\/09\/Cate-1.png\" \/>\n\t<meta property=\"og:image:width\" content=\"1414\" \/>\n\t<meta property=\"og:image:height\" content=\"2000\" \/>\n\t<meta property=\"og:image:type\" content=\"image\/png\" \/>\n<meta name=\"twitter:label1\" content=\"Dur\u00e9e de lecture estim\u00e9e\" \/>\n\t<meta name=\"twitter:data1\" content=\"3 minutes\" \/>\n<script type=\"application\/ld+json\" class=\"yoast-schema-graph\">{\"@context\":\"https:\\\/\\\/schema.org\",\"@graph\":[{\"@type\":\"WebPage\",\"@id\":\"https:\\\/\\\/paroisse-nogent-le-roi.com\\\/index.php\\\/catechisme\\\/\",\"url\":\"https:\\\/\\\/paroisse-nogent-le-roi.com\\\/index.php\\\/catechisme\\\/\",\"name\":\"Cat\u00e9chisme rentr\u00e9e septembre 2025 - Nogent-le-Roi\",\"isPartOf\":{\"@id\":\"https:\\\/\\\/paroisse-nogent-le-roi.com\\\/#website\"},\"primaryImageOfPage\":{\"@id\":\"https:\\\/\\\/paroisse-nogent-le-roi.com\\\/index.php\\\/catechisme\\\/#primaryimage\"},\"image\":{\"@id\":\"https:\\\/\\\/paroisse-nogent-le-roi.com\\\/index.php\\\/catechisme\\\/#primaryimage\"},\"thumbnailUrl\":\"https:\\\/\\\/paroisse-nogent-le-roi.com\\\/wp-content\\\/uploads\\\/2025\\\/09\\\/Cate-1-724x1024.png\",\"datePublished\":\"2019-08-21T14:25:50+00:00\",\"dateModified\":\"2025-09-24T18:32:45+00:00\",\"breadcrumb\":{\"@id\":\"https:\\\/\\\/paroisse-nogent-le-roi.com\\\/index.php\\\/catechisme\\\/#breadcrumb\"},\"inLanguage\":\"fr-FR\",\"potentialAction\":[{\"@type\":\"ReadAction\",\"target\":[\"https:\\\/\\\/paroisse-nogent-le-roi.com\\\/index.php\\\/catechisme\\\/\"]}]},{\"@type\":\"ImageObject\",\"inLanguage\":\"fr-FR\",\"@id\":\"https:\\\/\\\/paroisse-nogent-le-roi.com\\\/index.php\\\/catechisme\\\/#primaryimage\",\"url\":\"https:\\\/\\\/paroisse-nogent-le-roi.com\\\/wp-content\\\/uploads\\\/2025\\\/09\\\/Cate-1.png\",\"contentUrl\":\"https:\\\/\\\/paroisse-nogent-le-roi.com\\\/wp-content\\\/uploads\\\/2025\\\/09\\\/Cate-1.png\",\"width\":1414,\"height\":2000},{\"@type\":\"BreadcrumbList\",\"@id\":\"https:\\\/\\\/paroisse-nogent-le-roi.com\\\/index.php\\\/catechisme\\\/#breadcrumb\",\"itemListElement\":[{\"@type\":\"ListItem\",\"position\":1,\"name\":\"Home\",\"item\":\"https:\\\/\\\/paroisse-nogent-le-roi.com\\\/\"},{\"@type\":\"ListItem\",\"position\":2,\"name\":\"Cat\u00e9chisme rentr\u00e9e septembre 2025\"}]},{\"@type\":\"WebSite\",\"@id\":\"https:\\\/\\\/paroisse-nogent-le-roi.com\\\/#website\",\"url\":\"https:\\\/\\\/paroisse-nogent-le-roi.com\\\/\",\"name\":\"Nogent-le-Roi\",\"description\":\"Paroisse catholique\",\"publisher\":{\"@id\":\"https:\\\/\\\/paroisse-nogent-le-roi.com\\\/#organization\"},\"potentialAction\":[{\"@type\":\"SearchAction\",\"target\":{\"@type\":\"EntryPoint\",\"urlTemplate\":\"https:\\\/\\\/paroisse-nogent-le-roi.com\\\/?s={search_term_string}\"},\"query-input\":{\"@type\":\"PropertyValueSpecification\",\"valueRequired\":true,\"valueName\":\"search_term_string\"}}],\"inLanguage\":\"fr-FR\"},{\"@type\":\"Organization\",\"@id\":\"https:\\\/\\\/paroisse-nogent-le-roi.com\\\/#organization\",\"name\":\"Paroisse Nogent-Le-Roi\",\"url\":\"https:\\\/\\\/paroisse-nogent-le-roi.com\\\/\",\"logo\":{\"@type\":\"ImageObject\",\"inLanguage\":\"fr-FR\",\"@id\":\"https:\\\/\\\/paroisse-nogent-le-roi.com\\\/#\\\/schema\\\/logo\\\/image\\\/\",\"url\":\"https:\\\/\\\/paroisse-nogent-le-roi.com\\\/wp-content\\\/uploads\\\/2019\\\/05\\\/logo-bleu.jpg\",\"contentUrl\":\"https:\\\/\\\/paroisse-nogent-le-roi.com\\\/wp-content\\\/uploads\\\/2019\\\/05\\\/logo-bleu.jpg\",\"width\":373,\"height\":353,\"caption\":\"Paroisse Nogent-Le-Roi\"},\"image\":{\"@id\":\"https:\\\/\\\/paroisse-nogent-le-roi.com\\\/#\\\/schema\\\/logo\\\/image\\\/\"},\"sameAs\":[\"https:\\\/\\\/www.instagram.com\\\/paroisses_ste_jeanne_st_yves\\\/\"]}]}<\/script>\n<!-- \/ Yoast SEO plugin. -->","yoast_head_json":{"title":"Cat\u00e9chisme rentr\u00e9e septembre 2025 - Nogent-le-Roi","robots":{"index":"index","follow":"follow","max-snippet":"max-snippet:-1","max-image-preview":"max-image-preview:large","max-video-preview":"max-video-preview:-1"},"canonical":"https:\/\/paroisse-nogent-le-roi.com\/index.php\/catechisme\/","og_locale":"fr_FR","og_type":"article","og_title":"Cat\u00e9chisme rentr\u00e9e septembre 2025 - Nogent-le-Roi","og_description":"1 \u2013 Le sens du cat\u00e9chisme&nbsp;: &nbsp;&nbsp;&nbsp;&nbsp;&nbsp;&nbsp;&nbsp;&nbsp;&nbsp; Pour que la formation chr\u00e9tienne des enfants soit r\u00e9ussie dans la fid\u00e9lit\u00e9 \u00e0 l\u2019Evangile et \u00e0 l\u2019Eglise, voici quelques orientations fondamentales qui nous guident durant les ann\u00e9es de cat\u00e9ch\u00e8se. Le cat\u00e9chisme veut&nbsp;: En g\u00e9n\u00e9ral, votre enfant commence le cat\u00e9chisme en CE2. Apr\u00e8s deux ann\u00e9es compl\u00e8tes, il sera invit\u00e9&hellip;","og_url":"https:\/\/paroisse-nogent-le-roi.com\/index.php\/catechisme\/","og_site_name":"Nogent-le-Roi","article_modified_time":"2025-09-24T18:32:45+00:00","og_image":[{"width":1414,"height":2000,"url":"https:\/\/paroisse-nogent-le-roi.com\/wp-content\/uploads\/2025\/09\/Cate-1.png","type":"image\/png"}],"twitter_misc":{"Dur\u00e9e de lecture estim\u00e9e":"3 minutes"},"schema":{"@context":"https:\/\/schema.org","@graph":[{"@type":"WebPage","@id":"https:\/\/paroisse-nogent-le-roi.com\/index.php\/catechisme\/","url":"https:\/\/paroisse-nogent-le-roi.com\/index.php\/catechisme\/","name":"Cat\u00e9chisme rentr\u00e9e septembre 2025 - Nogent-le-Roi","isPartOf":{"@id":"https:\/\/paroisse-nogent-le-roi.com\/#website"},"primaryImageOfPage":{"@id":"https:\/\/paroisse-nogent-le-roi.com\/index.php\/catechisme\/#primaryimage"},"image":{"@id":"https:\/\/paroisse-nogent-le-roi.com\/index.php\/catechisme\/#primaryimage"},"thumbnailUrl":"https:\/\/paroisse-nogent-le-roi.com\/wp-content\/uploads\/2025\/09\/Cate-1-724x1024.png","datePublished":"2019-08-21T14:25:50+00:00","dateModified":"2025-09-24T18:32:45+00:00","breadcrumb":{"@id":"https:\/\/paroisse-nogent-le-roi.com\/index.php\/catechisme\/#breadcrumb"},"inLanguage":"fr-FR","potentialAction":[{"@type":"ReadAction","target":["https:\/\/paroisse-nogent-le-roi.com\/index.php\/catechisme\/"]}]},{"@type":"ImageObject","inLanguage":"fr-FR","@id":"https:\/\/paroisse-nogent-le-roi.com\/index.php\/catechisme\/#primaryimage","url":"https:\/\/paroisse-nogent-le-roi.com\/wp-content\/uploads\/2025\/09\/Cate-1.png","contentUrl":"https:\/\/paroisse-nogent-le-roi.com\/wp-content\/uploads\/2025\/09\/Cate-1.png","width":1414,"height":2000},{"@type":"BreadcrumbList","@id":"https:\/\/paroisse-nogent-le-roi.com\/index.php\/catechisme\/#breadcrumb","itemListElement":[{"@type":"ListItem","position":1,"name":"Home","item":"https:\/\/paroisse-nogent-le-roi.com\/"},{"@type":"ListItem","position":2,"name":"Cat\u00e9chisme rentr\u00e9e septembre 2025"}]},{"@type":"WebSite","@id":"https:\/\/paroisse-nogent-le-roi.com\/#website","url":"https:\/\/paroisse-nogent-le-roi.com\/","name":"Nogent-le-Roi","description":"Paroisse catholique","publisher":{"@id":"https:\/\/paroisse-nogent-le-roi.com\/#organization"},"potentialAction":[{"@type":"SearchAction","target":{"@type":"EntryPoint","urlTemplate":"https:\/\/paroisse-nogent-le-roi.com\/?s={search_term_string}"},"query-input":{"@type":"PropertyValueSpecification","valueRequired":true,"valueName":"search_term_string"}}],"inLanguage":"fr-FR"},{"@type":"Organization","@id":"https:\/\/paroisse-nogent-le-roi.com\/#organization","name":"Paroisse Nogent-Le-Roi","url":"https:\/\/paroisse-nogent-le-roi.com\/","logo":{"@type":"ImageObject","inLanguage":"fr-FR","@id":"https:\/\/paroisse-nogent-le-roi.com\/#\/schema\/logo\/image\/","url":"https:\/\/paroisse-nogent-le-roi.com\/wp-content\/uploads\/2019\/05\/logo-bleu.jpg","contentUrl":"https:\/\/paroisse-nogent-le-roi.com\/wp-content\/uploads\/2019\/05\/logo-bleu.jpg","width":373,"height":353,"caption":"Paroisse Nogent-Le-Roi"},"image":{"@id":"https:\/\/paroisse-nogent-le-roi.com\/#\/schema\/logo\/image\/"},"sameAs":["https:\/\/www.instagram.com\/paroisses_ste_jeanne_st_yves\/"]}]}},"_links":{"self":[{"href":"https:\/\/paroisse-nogent-le-roi.com\/index.php\/wp-json\/wp\/v2\/pages\/323","targetHints":{"allow":["GET"]}}],"collection":[{"href":"https:\/\/paroisse-nogent-le-roi.com\/index.php\/wp-json\/wp\/v2\/pages"}],"about":[{"href":"https:\/\/paroisse-nogent-le-roi.com\/index.php\/wp-json\/wp\/v2\/types\/page"}],"author":[{"embeddable":true,"href":"https:\/\/paroisse-nogent-le-roi.com\/index.php\/wp-json\/wp\/v2\/users\/6"}],"replies":[{"embeddable":true,"href":"https:\/\/paroisse-nogent-le-roi.com\/index.php\/wp-json\/wp\/v2\/comments?post=323"}],"version-history":[{"count":34,"href":"https:\/\/paroisse-nogent-le-roi.com\/index.php\/wp-json\/wp\/v2\/pages\/323\/revisions"}],"predecessor-version":[{"id":5022,"href":"https:\/\/paroisse-nogent-le-roi.com\/index.php\/wp-json\/wp\/v2\/pages\/323\/revisions\/5022"}],"wp:attachment":[{"href":"https:\/\/paroisse-nogent-le-roi.com\/index.php\/wp-json\/wp\/v2\/media?parent=323"}],"curies":[{"name":"wp","href":"https:\/\/api.w.org\/{rel}","templated":true}]}}