{"id":2616,"date":"2024-04-16T17:20:03","date_gmt":"2024-04-16T15:20:03","guid":{"rendered":"http:\/\/paroisse-nogent-le-roi.com\/?page_id=2616"},"modified":"2025-05-16T10:46:20","modified_gmt":"2025-05-16T08:46:20","slug":"aumonerie-camp-dete","status":"publish","type":"page","link":"https:\/\/paroisse-nogent-le-roi.com\/index.php\/aumonerie-camp-dete\/","title":{"rendered":"Aum\u00f4nerie : camp d&#8217;\u00e9t\u00e9 2025"},"content":{"rendered":"\n<div style=\"height:44px\" aria-hidden=\"true\" class=\"wp-block-spacer\"><\/div>\n\n\n\n<div class=\"wp-block-buttons has-custom-font-size has-large-font-size is-content-justification-center is-layout-flex wp-container-core-buttons-is-layout-16018d1d wp-block-buttons-is-layout-flex\">\n<div class=\"wp-block-button\"><a class=\"wp-block-button__link has-black-color has-light-green-cyan-background-color has-text-color has-background has-link-color wp-element-button\" href=\"https:\/\/www.helloasso.com\/associations\/aumonerie-saint-martin-de-nogent-le-roi\/evenements\/parrainage-camp-d-ete\" target=\"_blank\" rel=\"noreferrer noopener\">Parrainez un jeune !<\/a><\/div>\n<\/div>\n\n\n\n<div style=\"height:39px\" aria-hidden=\"true\" class=\"wp-block-spacer\"><\/div>\n\n\n\n<figure class=\"wp-block-image size-large\"><img loading=\"lazy\" decoding=\"async\" width=\"724\" height=\"1024\" src=\"https:\/\/paroisse-nogent-le-roi.com\/wp-content\/uploads\/2025\/05\/Affiche-camp-2025-724x1024.jpg\" alt=\"\" class=\"wp-image-4956\" srcset=\"https:\/\/paroisse-nogent-le-roi.com\/wp-content\/uploads\/2025\/05\/Affiche-camp-2025-724x1024.jpg 724w, https:\/\/paroisse-nogent-le-roi.com\/wp-content\/uploads\/2025\/05\/Affiche-camp-2025-212x300.jpg 212w, https:\/\/paroisse-nogent-le-roi.com\/wp-content\/uploads\/2025\/05\/Affiche-camp-2025-768x1086.jpg 768w, https:\/\/paroisse-nogent-le-roi.com\/wp-content\/uploads\/2025\/05\/Affiche-camp-2025-1086x1536.jpg 1086w, https:\/\/paroisse-nogent-le-roi.com\/wp-content\/uploads\/2025\/05\/Affiche-camp-2025.jpg 1131w\" sizes=\"auto, (max-width: 724px) 100vw, 724px\" \/><\/figure>\n\n\n\n<div style=\"height:43px\" aria-hidden=\"true\" class=\"wp-block-spacer\"><\/div>\n\n\n\n<p><em>Chers parents,<\/em><em><\/em><\/p>\n\n\n\n<p><em>Voici quelques informations concernant le s\u00e9jour de vacances \u00ab&nbsp;camp \u00e9t\u00e9 2025&nbsp;\u00bb, qui est organis\u00e9 conjointement par les aum\u00f4neries des paroisses de Mortagne au Perche et de Nogent-le-Roi\/Maintenon.<\/em><\/p>\n\n\n\n<p>L\u2019association qui supportera le camp sera celle de l\u2019aum\u00f4nerie de Mortagne, Maison de la famille et des jeunes de Mortagne. Il est adress\u00e9 au jeunes coll\u00e9giens et lyc\u00e9ens des deux aum\u00f4neries (de 12 \u00e0 17 ans).<\/p>\n\n\n\n<p>Les pr\u00eatres de ces deux paroisses se connaissent bien, \u00e9tant de la Communaut\u00e9 Saint-Martin. Le directeur de camp sera don Charles Hastings (dipl\u00f4m\u00e9 BAFD). L\u2019aum\u00f4nier, don Jean-Baptiste Bala\u00ff, cur\u00e9 de Mortagne. Les jeunes des deux aum\u00f4neries se sont \u00e9galement rencontr\u00e9s durant le camp ski \u00e0 Bo\u00ebge.<\/p>\n\n\n<div class=\"wp-block-image\">\n<figure class=\"aligncenter size-full\"><img loading=\"lazy\" decoding=\"async\" width=\"592\" height=\"423\" src=\"https:\/\/paroisse-nogent-le-roi.com\/wp-content\/uploads\/2025\/05\/Image1.jpg\" alt=\"\" class=\"wp-image-4957\" srcset=\"https:\/\/paroisse-nogent-le-roi.com\/wp-content\/uploads\/2025\/05\/Image1.jpg 592w, https:\/\/paroisse-nogent-le-roi.com\/wp-content\/uploads\/2025\/05\/Image1-300x214.jpg 300w\" sizes=\"auto, (max-width: 592px) 100vw, 592px\" \/><\/figure>\n<\/div>\n\n\n<h1 class=\"wp-block-heading\"><strong>1. Dates et Horaires&nbsp;<\/strong><\/h1>\n\n\n\n<p>D\u00e9part&nbsp;: Mercredi 16 juillet 2025.&nbsp; Pique-nique sur la route (\u00e0 pr\u00e9voir).<\/p>\n\n\n\n<p>Retour&nbsp;: Vendredi 25 juillet dans la soir\u00e9e.<\/p>\n\n\n\n<h1 class=\"wp-block-heading\"><strong>2. Lieu<\/strong><\/h1>\n\n\n\n<p>Le lieu de camp est en Haute-Savoie, pr\u00e8s du superbe lac de Montriond, pr\u00e8s de Morzine.<\/p>\n\n\n\n<p>Adresse&nbsp;: Les Albertans. 74110 Montriond-le-Lac.<\/p>\n\n\n\n<p>Au retour, nous devrions nous arr\u00eater au sanctuaire de Paray-le-Monial.<\/p>\n\n\n\n<h1 class=\"wp-block-heading\"><strong>&nbsp;3. Equipe d\u2019encadrement<\/strong><\/h1>\n\n\n\n<p>Colonie de vacances d\u00e9clar\u00e9e Jeunesse et Sport. L\u2019encadrement (environ un animateur pour 8 enfants) sera assur\u00e9 par des animateurs dipl\u00f4m\u00e9s, un directeur et un aum\u00f4nier, dipl\u00f4m\u00e9s \u00e9galement.<\/p>\n\n\n\n<h1 class=\"wp-block-heading\"><strong>4. Logement<\/strong><\/h1>\n\n\n\n<p>Un grand chalet est lou\u00e9, b\u00e2timent \u00ab&nbsp;en dur&nbsp;\u00bb agr\u00e9\u00e9 pour recevoir du public (30 places).<\/p>\n\n\n\n<p>Une partie des jeunes pourra loger en dur, mais la plupart logeront sous tente. Avec des dortoirs s\u00e9par\u00e9s gar\u00e7ons-filles.<\/p>\n\n\n\n<h1 class=\"wp-block-heading\"><strong>5. Prix<\/strong><\/h1>\n\n\n\n<p>Le prix de ce camp est fix\u00e9 \u00e0 280 Euros. Cependant, la participation financi\u00e8re ne doit pas \u00eatre un frein \u00e0 la participation d\u2019un jeune au camp. N\u2019h\u00e9sitez pas dans ce cas \u00e0 contacter le pr\u00eatre de votre paroisse. Le r\u00e8glement s\u2019effectue en ligne.<\/p>\n\n\n\n<h1 class=\"wp-block-heading\"><strong>6. Activit\u00e9s<\/strong>&nbsp;<\/h1>\n\n\n\n<ul class=\"wp-block-list\">\n<li>ludiques&nbsp;: Nous profiterons de ce beau cadre en montagne&nbsp;: ballade, jeux en plein air, accrobranche, etc.<\/li>\n\n\n\n<li>spirituelles&nbsp;: &nbsp;ce camp est un camp chr\u00e9tien&nbsp;: des temps d\u2019enseignement, de pri\u00e8re seront propos\u00e9s chaque jour et suivis par tous.<\/li>\n\n\n\n<li>quotidiennes&nbsp;: chaque jeune participera de mani\u00e8re active aux t\u00e2ches de&nbsp; la vie quotidienne&nbsp;: m\u00e9nage, pr\u00e9paration des repas, etc.<\/li>\n<\/ul>\n\n\n\n<h1 class=\"wp-block-heading\"><strong>7. L\u2019esprit du camp<\/strong><\/h1>\n\n\n\n<p>Chaque jeune qui participe s\u2019engage \u00e0 adh\u00e9rer par son comportement \u00e0 l\u2019esprit du camp.<\/p>\n\n\n\n<p>Ce camp a pour but de&nbsp;:<\/p>\n\n\n\n<ul class=\"wp-block-list\">\n<li>Offrir aux jeunes un temps de d\u00e9tente original : des vacances en s\u00e9jour&nbsp; en collectivit\u00e9 dans un cadre nouveau.<\/li>\n\n\n\n<li>Donner aux jeunes l\u2019occasion de grandir humainement par une meilleure connaissance d&#8217;eux-m\u00eames, par le d\u00e9veloppement de leur relation aux autres et par le service du bien commun.<\/li>\n\n\n\n<li>Permettre de grandir dans sa foi.&nbsp;<\/li>\n<\/ul>\n\n\n\n<p>Le climat g\u00e9n\u00e9ral que le projet p\u00e9dagogique souhaite r\u00e9aliser est celui de la bienveillance fraternelle et de la confiance entre adultes et jeunes, et entre jeunes eux-m\u00eames.<\/p>\n\n\n\n<p>Les relations seront des relations d\u2019amiti\u00e9, permettant d\u2019int\u00e9grer chaque membre d\u2019un groupe, et non des relations exclusives ( \u00ab&nbsp;bande \u00e0 part&nbsp;\u00bb, etc ). Les jeunes de Mortagne et de Nogent-Maintenon apprendront \u00e0 se conna\u00eetre et vivront le camp ensemble.<\/p>\n\n\n\n<p>Le directeur, conseill\u00e9 par l\u2019\u00e9quipe d\u2019animation, a le droit de prendre les sanctions adapt\u00e9es si un jeune nuit, de mani\u00e8re s\u00e9rieuse et r\u00e9p\u00e9t\u00e9e, \u00e0 l\u2019esprit du camp.<\/p>\n\n\n\n<p>Les parents peuvent demander&nbsp;au directeur le contenu du projet \u00e9ducatif et p\u00e9dagogique s\u2019ils le souhaitent.<\/p>\n\n\n\n<h1 class=\"wp-block-heading\"><strong>8. A prendre&nbsp;:<\/strong><\/h1>\n\n\n\n<p>Attention, m\u00eame en juillet, \u00e0 1000 m d\u2019altitude ( ou plus parfois), il peut faire tr\u00e8s froid ou tr\u00e8s chaud&nbsp;!<\/p>\n\n\n\n<p>Dans un grand sac&nbsp;:<\/p>\n\n\n\n<ul class=\"wp-block-list\">\n<li>Des affaires de tous les jours&nbsp;: affaires de d\u00e9tente, affaires pour marcher, tenue de sport et une tenue plus soign\u00e9e pour le dimanche.<\/li>\n\n\n\n<li>Un sac de couchage, assez chaud (en montagne, il fait froid la nuit)<\/li>\n\n\n\n<li>Un tapis de sol pour dormir dehors<\/li>\n\n\n\n<li>Une paire de chaussures de marche<\/li>\n\n\n\n<li>Une paire de chaussures de sport.<\/li>\n\n\n\n<li>Des v\u00eatements chauds&nbsp;: gros pull, grosses chaussettes, bonnet, etc.<\/li>\n\n\n\n<li>Un chapeau de soleil<\/li>\n\n\n\n<li>Deux serviettes de toilette et affaires de toilette dans une trousse.<\/li>\n\n\n\n<li>Un v\u00eatement de pluie, r\u00e9sistant (pluie de montagne, orage, \u2026)<\/li>\n\n\n\n<li>M\u00e9dicaments si besoin et ordonnance obligatoirement (\u00e0 remettre au responsable sanitaire d\u00e8s l\u2019arriv\u00e9e&nbsp;!).<\/li>\n<\/ul>\n\n\n\n<p>Dans un petit sac&nbsp;: un pique-nique pour le premier midi et une gourde<\/p>\n\n\n\n<p>Les musiciens emporteront avec eux leurs instruments pour les temps festifs et de pri\u00e8re&nbsp;!<\/p>\n\n\n\n<h1 class=\"wp-block-heading\"><strong>9. A laisser chez soi<\/strong><\/h1>\n\n\n\n<p><strong>T\u00e9l\u00e9phone portable&nbsp;:<\/strong> Les jeunes peuvent emmener en camp leur t\u00e9l\u00e9phone portable. Le directeur se r\u00e9serve le droit de contr\u00f4ler la d\u00e9tention ou l\u2019utilisation en fonction des besoins des jeunes et de leur \u00e2ge. Cela afin de permettre \u00e0 chacun de profiter de la montagne et de la vie en collectivit\u00e9, et d\u2019aider les jeunes \u00e0 gagner en libert\u00e9 dans leur rapport aux \u00e9crans. Les jeunes doivent prendre soin de leur portable, et l\u2019\u00e9quipe d\u2019animation ne pourra \u00eatre tenue responsable en cas de vol, perte ou d\u00e9gradation.<\/p>\n\n\n\n<p>Toute consommation (ou apport) d\u2019alcool, tabac ou drogue est interdit. Si un \u00ab&nbsp; grand&nbsp;\u00bb jeune souhaite fumer du tabac pendant le camp, les parents doivent pr\u00e9venir don Paul ou don Charles avant le camp. Le jeune fumera alors seul, et quand le directeur le permettra.<\/p>\n\n\n\n<h1 class=\"wp-block-heading\"><strong>10. Communication avec les familles<\/strong><\/h1>\n\n\n\n<p>Pendant le camp, le directeur communiquera avec les familles gr\u00e2ce \u00e0 un groupe WhatsApp, en mettant chaque jour un message et des photos, si la famille le souhaite. Seul le directeur postera des messages.<\/p>\n\n\n\n<p>Les parents peuvent appeler le directeur ou un pr\u00eatre en permanence.<\/p>\n\n\n\n<h1 class=\"wp-block-heading\"><strong>11. Conditions sanitaires<\/strong><\/h1>\n\n\n\n<p>Ce camp est un s\u00e9jour de vacances qui doit se soumettre aux consignes sanitaires donn\u00e9es par le Minist\u00e8re de l\u2019Education Nationale, de la Jeunesse et des Sports. Nous tiendrons les parents inform\u00e9s des protocoles en vigueur.<\/p>\n\n\n\n<h1 class=\"wp-block-heading has-text-align-center has-pale-cyan-blue-background-color has-background\"><strong>&nbsp;Proc\u00e9dure d\u2019inscription<\/strong><\/h1>\n\n\n\n<p class=\"has-medium-font-size\"><strong>A faire tout de suite\u00a0:<\/strong> Remplir le dossier d\u2019inscription en ligne : <a href=\"https:\/\/jeunesse-mortagne.assoconnect.com\/collect\/description\/556957-z-camp-d-ete-dans-les-alpes-du-16-au-25-juillet?header=%2Fpage%2F3316779-camp-d-ete-dans-les-alpes-11-16-ans\" target=\"_blank\" rel=\"noreferrer noopener\">Camp d&#8217;\u00e9t\u00e9 dans les Alpes du 16 au 25 juillet | Association Maison de la famille et des jeunes de Mortagne<\/a><\/p>\n\n\n\n<p>L\u2019inscription sera compl\u00e8te, apr\u00e8s avoir retourn\u00e9 par papier, <strong>avant le 15 juin,<\/strong> \u00e0 don Charles (d\u00e9poser le dossier aux presbyt\u00e8res) :<\/p>\n\n\n\n<p>&#8211; la fiche sanitaire de liaison sign\u00e9e<\/p>\n\n\n\n<p>&#8211; attestation d\u2019assurance<\/p>\n\n\n\n<div style=\"height:35px\" aria-hidden=\"true\" class=\"wp-block-spacer\"><\/div>\n\n\n\n<p>Nous restons \u00e0 votre disposition pour toute question \u00e9ventuelle, remarque ou pour recevoir des informations particuli\u00e8res concernant votre enfant.<\/p>\n\n\n\n<p>Nous vous remercions de la confiance que vous nous accordez, ainsi qu\u2019\u00e0 l\u2019ensemble des encadrants.&nbsp;&nbsp;&nbsp;&nbsp;&nbsp;&nbsp;&nbsp;&nbsp;&nbsp;&nbsp;&nbsp;&nbsp;&nbsp;&nbsp;&nbsp;&nbsp;&nbsp;&nbsp;&nbsp;&nbsp;&nbsp;&nbsp;&nbsp;&nbsp;&nbsp;&nbsp;&nbsp;&nbsp;&nbsp;&nbsp;&nbsp;&nbsp;&nbsp;&nbsp;&nbsp;<\/p>\n\n\n\n<p>Don Jean-Baptiste +<\/p>\n\n\n\n<p>Don Charles + (06 40 52 87 13)<\/p>\n\n\n\n<p class=\"has-text-align-center has-pale-cyan-blue-background-color has-background has-medium-font-size\"><\/p>\n\n\n\n<div style=\"height:39px\" aria-hidden=\"true\" class=\"wp-block-spacer\"><\/div>\n\n\n\n<figure class=\"wp-block-video\"><video controls loop src=\"https:\/\/paroisse-nogent-le-roi.com\/wp-content\/uploads\/2022\/05\/Diapo-camp-ete-2022-2.mp4\" playsinline><\/video><figcaption class=\"wp-element-caption\">Teaser camp d&#8217;\u00e9t\u00e9 2022<\/figcaption><\/figure>\n","protected":false},"excerpt":{"rendered":"<p>Chers parents, Voici quelques informations concernant le s\u00e9jour de vacances \u00ab&nbsp;camp \u00e9t\u00e9 2025&nbsp;\u00bb, qui est organis\u00e9 conjointement par les aum\u00f4neries des paroisses de Mortagne au Perche et de Nogent-le-Roi\/Maintenon. L\u2019association qui supportera le camp sera celle de l\u2019aum\u00f4nerie de Mortagne, Maison de la famille et des jeunes de Mortagne. Il est adress\u00e9 au jeunes coll\u00e9giens&hellip;<\/p>\n","protected":false},"author":6,"featured_media":301,"parent":0,"menu_order":0,"comment_status":"closed","ping_status":"closed","template":"","meta":{"_monsterinsights_skip_tracking":false,"_monsterinsights_sitenote_active":false,"_monsterinsights_sitenote_note":"","_monsterinsights_sitenote_category":0,"footnotes":""},"class_list":["post-2616","page","type-page","status-publish","has-post-thumbnail","hentry"],"yoast_head":"<!-- This site is optimized with the Yoast SEO plugin v27.5 - https:\/\/yoast.com\/product\/yoast-seo-wordpress\/ -->\n<title>Aum\u00f4nerie : camp d&#039;\u00e9t\u00e9 2025 - Nogent-le-Roi<\/title>\n<meta name=\"robots\" content=\"index, follow, max-snippet:-1, max-image-preview:large, max-video-preview:-1\" \/>\n<link rel=\"canonical\" href=\"https:\/\/paroisse-nogent-le-roi.com\/index.php\/aumonerie-camp-dete\/\" \/>\n<meta property=\"og:locale\" content=\"fr_FR\" \/>\n<meta property=\"og:type\" content=\"article\" \/>\n<meta property=\"og:title\" content=\"Aum\u00f4nerie : camp d&#039;\u00e9t\u00e9 2025 - Nogent-le-Roi\" \/>\n<meta property=\"og:description\" content=\"Chers parents, Voici quelques informations concernant le s\u00e9jour de vacances \u00ab&nbsp;camp \u00e9t\u00e9 2025&nbsp;\u00bb, qui est organis\u00e9 conjointement par les aum\u00f4neries des paroisses de Mortagne au Perche et de Nogent-le-Roi\/Maintenon. L\u2019association qui supportera le camp sera celle de l\u2019aum\u00f4nerie de Mortagne, Maison de la famille et des jeunes de Mortagne. Il est adress\u00e9 au jeunes coll\u00e9giens&hellip;\" \/>\n<meta property=\"og:url\" content=\"https:\/\/paroisse-nogent-le-roi.com\/index.php\/aumonerie-camp-dete\/\" \/>\n<meta property=\"og:site_name\" content=\"Nogent-le-Roi\" \/>\n<meta property=\"article:modified_time\" content=\"2025-05-16T08:46:20+00:00\" \/>\n<meta property=\"og:image\" content=\"https:\/\/paroisse-nogent-le-roi.com\/wp-content\/uploads\/2019\/07\/Aum\u00f4nerie-St-martin-1-e1562313529673.png\" \/>\n\t<meta property=\"og:image:width\" content=\"1080\" \/>\n\t<meta property=\"og:image:height\" content=\"675\" \/>\n\t<meta property=\"og:image:type\" content=\"image\/png\" \/>\n<meta name=\"twitter:label1\" content=\"Dur\u00e9e de lecture estim\u00e9e\" \/>\n\t<meta name=\"twitter:data1\" content=\"1 minute\" \/>\n<script type=\"application\/ld+json\" class=\"yoast-schema-graph\">{\"@context\":\"https:\\\/\\\/schema.org\",\"@graph\":[{\"@type\":\"WebPage\",\"@id\":\"https:\\\/\\\/paroisse-nogent-le-roi.com\\\/index.php\\\/aumonerie-camp-dete\\\/\",\"url\":\"https:\\\/\\\/paroisse-nogent-le-roi.com\\\/index.php\\\/aumonerie-camp-dete\\\/\",\"name\":\"Aum\u00f4nerie : camp d'\u00e9t\u00e9 2025 - Nogent-le-Roi\",\"isPartOf\":{\"@id\":\"https:\\\/\\\/paroisse-nogent-le-roi.com\\\/#website\"},\"primaryImageOfPage\":{\"@id\":\"https:\\\/\\\/paroisse-nogent-le-roi.com\\\/index.php\\\/aumonerie-camp-dete\\\/#primaryimage\"},\"image\":{\"@id\":\"https:\\\/\\\/paroisse-nogent-le-roi.com\\\/index.php\\\/aumonerie-camp-dete\\\/#primaryimage\"},\"thumbnailUrl\":\"https:\\\/\\\/paroisse-nogent-le-roi.com\\\/wp-content\\\/uploads\\\/2019\\\/07\\\/Aum\u00f4nerie-St-martin-1-e1562313529673.png\",\"datePublished\":\"2024-04-16T15:20:03+00:00\",\"dateModified\":\"2025-05-16T08:46:20+00:00\",\"breadcrumb\":{\"@id\":\"https:\\\/\\\/paroisse-nogent-le-roi.com\\\/index.php\\\/aumonerie-camp-dete\\\/#breadcrumb\"},\"inLanguage\":\"fr-FR\",\"potentialAction\":[{\"@type\":\"ReadAction\",\"target\":[\"https:\\\/\\\/paroisse-nogent-le-roi.com\\\/index.php\\\/aumonerie-camp-dete\\\/\"]}]},{\"@type\":\"ImageObject\",\"inLanguage\":\"fr-FR\",\"@id\":\"https:\\\/\\\/paroisse-nogent-le-roi.com\\\/index.php\\\/aumonerie-camp-dete\\\/#primaryimage\",\"url\":\"https:\\\/\\\/paroisse-nogent-le-roi.com\\\/wp-content\\\/uploads\\\/2019\\\/07\\\/Aum\u00f4nerie-St-martin-1-e1562313529673.png\",\"contentUrl\":\"https:\\\/\\\/paroisse-nogent-le-roi.com\\\/wp-content\\\/uploads\\\/2019\\\/07\\\/Aum\u00f4nerie-St-martin-1-e1562313529673.png\",\"width\":1080,\"height\":675},{\"@type\":\"BreadcrumbList\",\"@id\":\"https:\\\/\\\/paroisse-nogent-le-roi.com\\\/index.php\\\/aumonerie-camp-dete\\\/#breadcrumb\",\"itemListElement\":[{\"@type\":\"ListItem\",\"position\":1,\"name\":\"Home\",\"item\":\"https:\\\/\\\/paroisse-nogent-le-roi.com\\\/\"},{\"@type\":\"ListItem\",\"position\":2,\"name\":\"Aum\u00f4nerie : camp d&#8217;\u00e9t\u00e9 2025\"}]},{\"@type\":\"WebSite\",\"@id\":\"https:\\\/\\\/paroisse-nogent-le-roi.com\\\/#website\",\"url\":\"https:\\\/\\\/paroisse-nogent-le-roi.com\\\/\",\"name\":\"Nogent-le-Roi\",\"description\":\"Paroisse catholique\",\"publisher\":{\"@id\":\"https:\\\/\\\/paroisse-nogent-le-roi.com\\\/#organization\"},\"potentialAction\":[{\"@type\":\"SearchAction\",\"target\":{\"@type\":\"EntryPoint\",\"urlTemplate\":\"https:\\\/\\\/paroisse-nogent-le-roi.com\\\/?s={search_term_string}\"},\"query-input\":{\"@type\":\"PropertyValueSpecification\",\"valueRequired\":true,\"valueName\":\"search_term_string\"}}],\"inLanguage\":\"fr-FR\"},{\"@type\":\"Organization\",\"@id\":\"https:\\\/\\\/paroisse-nogent-le-roi.com\\\/#organization\",\"name\":\"Paroisse Nogent-Le-Roi\",\"url\":\"https:\\\/\\\/paroisse-nogent-le-roi.com\\\/\",\"logo\":{\"@type\":\"ImageObject\",\"inLanguage\":\"fr-FR\",\"@id\":\"https:\\\/\\\/paroisse-nogent-le-roi.com\\\/#\\\/schema\\\/logo\\\/image\\\/\",\"url\":\"https:\\\/\\\/paroisse-nogent-le-roi.com\\\/wp-content\\\/uploads\\\/2019\\\/05\\\/logo-bleu.jpg\",\"contentUrl\":\"https:\\\/\\\/paroisse-nogent-le-roi.com\\\/wp-content\\\/uploads\\\/2019\\\/05\\\/logo-bleu.jpg\",\"width\":373,\"height\":353,\"caption\":\"Paroisse Nogent-Le-Roi\"},\"image\":{\"@id\":\"https:\\\/\\\/paroisse-nogent-le-roi.com\\\/#\\\/schema\\\/logo\\\/image\\\/\"},\"sameAs\":[\"https:\\\/\\\/www.instagram.com\\\/paroisses_ste_jeanne_st_yves\\\/\"]}]}<\/script>\n<!-- \/ Yoast SEO plugin. -->","yoast_head_json":{"title":"Aum\u00f4nerie : camp d'\u00e9t\u00e9 2025 - Nogent-le-Roi","robots":{"index":"index","follow":"follow","max-snippet":"max-snippet:-1","max-image-preview":"max-image-preview:large","max-video-preview":"max-video-preview:-1"},"canonical":"https:\/\/paroisse-nogent-le-roi.com\/index.php\/aumonerie-camp-dete\/","og_locale":"fr_FR","og_type":"article","og_title":"Aum\u00f4nerie : camp d'\u00e9t\u00e9 2025 - Nogent-le-Roi","og_description":"Chers parents, Voici quelques informations concernant le s\u00e9jour de vacances \u00ab&nbsp;camp \u00e9t\u00e9 2025&nbsp;\u00bb, qui est organis\u00e9 conjointement par les aum\u00f4neries des paroisses de Mortagne au Perche et de Nogent-le-Roi\/Maintenon. L\u2019association qui supportera le camp sera celle de l\u2019aum\u00f4nerie de Mortagne, Maison de la famille et des jeunes de Mortagne. Il est adress\u00e9 au jeunes coll\u00e9giens&hellip;","og_url":"https:\/\/paroisse-nogent-le-roi.com\/index.php\/aumonerie-camp-dete\/","og_site_name":"Nogent-le-Roi","article_modified_time":"2025-05-16T08:46:20+00:00","og_image":[{"width":1080,"height":675,"url":"https:\/\/paroisse-nogent-le-roi.com\/wp-content\/uploads\/2019\/07\/Aum\u00f4nerie-St-martin-1-e1562313529673.png","type":"image\/png"}],"twitter_misc":{"Dur\u00e9e de lecture estim\u00e9e":"1 minute"},"schema":{"@context":"https:\/\/schema.org","@graph":[{"@type":"WebPage","@id":"https:\/\/paroisse-nogent-le-roi.com\/index.php\/aumonerie-camp-dete\/","url":"https:\/\/paroisse-nogent-le-roi.com\/index.php\/aumonerie-camp-dete\/","name":"Aum\u00f4nerie : camp d'\u00e9t\u00e9 2025 - Nogent-le-Roi","isPartOf":{"@id":"https:\/\/paroisse-nogent-le-roi.com\/#website"},"primaryImageOfPage":{"@id":"https:\/\/paroisse-nogent-le-roi.com\/index.php\/aumonerie-camp-dete\/#primaryimage"},"image":{"@id":"https:\/\/paroisse-nogent-le-roi.com\/index.php\/aumonerie-camp-dete\/#primaryimage"},"thumbnailUrl":"https:\/\/paroisse-nogent-le-roi.com\/wp-content\/uploads\/2019\/07\/Aum\u00f4nerie-St-martin-1-e1562313529673.png","datePublished":"2024-04-16T15:20:03+00:00","dateModified":"2025-05-16T08:46:20+00:00","breadcrumb":{"@id":"https:\/\/paroisse-nogent-le-roi.com\/index.php\/aumonerie-camp-dete\/#breadcrumb"},"inLanguage":"fr-FR","potentialAction":[{"@type":"ReadAction","target":["https:\/\/paroisse-nogent-le-roi.com\/index.php\/aumonerie-camp-dete\/"]}]},{"@type":"ImageObject","inLanguage":"fr-FR","@id":"https:\/\/paroisse-nogent-le-roi.com\/index.php\/aumonerie-camp-dete\/#primaryimage","url":"https:\/\/paroisse-nogent-le-roi.com\/wp-content\/uploads\/2019\/07\/Aum\u00f4nerie-St-martin-1-e1562313529673.png","contentUrl":"https:\/\/paroisse-nogent-le-roi.com\/wp-content\/uploads\/2019\/07\/Aum\u00f4nerie-St-martin-1-e1562313529673.png","width":1080,"height":675},{"@type":"BreadcrumbList","@id":"https:\/\/paroisse-nogent-le-roi.com\/index.php\/aumonerie-camp-dete\/#breadcrumb","itemListElement":[{"@type":"ListItem","position":1,"name":"Home","item":"https:\/\/paroisse-nogent-le-roi.com\/"},{"@type":"ListItem","position":2,"name":"Aum\u00f4nerie : camp d&#8217;\u00e9t\u00e9 2025"}]},{"@type":"WebSite","@id":"https:\/\/paroisse-nogent-le-roi.com\/#website","url":"https:\/\/paroisse-nogent-le-roi.com\/","name":"Nogent-le-Roi","description":"Paroisse catholique","publisher":{"@id":"https:\/\/paroisse-nogent-le-roi.com\/#organization"},"potentialAction":[{"@type":"SearchAction","target":{"@type":"EntryPoint","urlTemplate":"https:\/\/paroisse-nogent-le-roi.com\/?s={search_term_string}"},"query-input":{"@type":"PropertyValueSpecification","valueRequired":true,"valueName":"search_term_string"}}],"inLanguage":"fr-FR"},{"@type":"Organization","@id":"https:\/\/paroisse-nogent-le-roi.com\/#organization","name":"Paroisse Nogent-Le-Roi","url":"https:\/\/paroisse-nogent-le-roi.com\/","logo":{"@type":"ImageObject","inLanguage":"fr-FR","@id":"https:\/\/paroisse-nogent-le-roi.com\/#\/schema\/logo\/image\/","url":"https:\/\/paroisse-nogent-le-roi.com\/wp-content\/uploads\/2019\/05\/logo-bleu.jpg","contentUrl":"https:\/\/paroisse-nogent-le-roi.com\/wp-content\/uploads\/2019\/05\/logo-bleu.jpg","width":373,"height":353,"caption":"Paroisse Nogent-Le-Roi"},"image":{"@id":"https:\/\/paroisse-nogent-le-roi.com\/#\/schema\/logo\/image\/"},"sameAs":["https:\/\/www.instagram.com\/paroisses_ste_jeanne_st_yves\/"]}]}},"_links":{"self":[{"href":"https:\/\/paroisse-nogent-le-roi.com\/index.php\/wp-json\/wp\/v2\/pages\/2616","targetHints":{"allow":["GET"]}}],"collection":[{"href":"https:\/\/paroisse-nogent-le-roi.com\/index.php\/wp-json\/wp\/v2\/pages"}],"about":[{"href":"https:\/\/paroisse-nogent-le-roi.com\/index.php\/wp-json\/wp\/v2\/types\/page"}],"author":[{"embeddable":true,"href":"https:\/\/paroisse-nogent-le-roi.com\/index.php\/wp-json\/wp\/v2\/users\/6"}],"replies":[{"embeddable":true,"href":"https:\/\/paroisse-nogent-le-roi.com\/index.php\/wp-json\/wp\/v2\/comments?post=2616"}],"version-history":[{"count":29,"href":"https:\/\/paroisse-nogent-le-roi.com\/index.php\/wp-json\/wp\/v2\/pages\/2616\/revisions"}],"predecessor-version":[{"id":4959,"href":"https:\/\/paroisse-nogent-le-roi.com\/index.php\/wp-json\/wp\/v2\/pages\/2616\/revisions\/4959"}],"wp:featuredmedia":[{"embeddable":true,"href":"https:\/\/paroisse-nogent-le-roi.com\/index.php\/wp-json\/wp\/v2\/media\/301"}],"wp:attachment":[{"href":"https:\/\/paroisse-nogent-le-roi.com\/index.php\/wp-json\/wp\/v2\/media?parent=2616"}],"curies":[{"name":"wp","href":"https:\/\/api.w.org\/{rel}","templated":true}]}}